{"id":20,"date":"2014-04-20T13:10:23","date_gmt":"2014-04-20T13:10:23","guid":{"rendered":"http:\/\/formaciocgt.net\/?page_id=20"},"modified":"2021-02-07T23:17:38","modified_gmt":"2021-02-07T23:17:38","slug":"qui-som","status":"publish","type":"page","link":"https:\/\/formaciocgt.cat\/index.php\/qui-som\/","title":{"rendered":"Qui som?"},"content":{"rendered":"<p><strong><a href=\"https:\/\/formaciocgt.cat\/wp-content\/uploads\/2014\/04\/12852443765_ac0f0a4454_o.jpg\"><img loading=\"lazy\" decoding=\"async\" class=\"alignright wp-image-37 size-medium\" src=\"https:\/\/formaciocgt.cat\/wp-content\/uploads\/2014\/04\/12852443765_ac0f0a4454_o.jpg?w=300\" alt=\"\" width=\"300\" height=\"200\" srcset=\"https:\/\/formaciocgt.cat\/wp-content\/uploads\/2014\/04\/12852443765_ac0f0a4454_o.jpg 1200w, https:\/\/formaciocgt.cat\/wp-content\/uploads\/2014\/04\/12852443765_ac0f0a4454_o-300x200.jpg 300w, https:\/\/formaciocgt.cat\/wp-content\/uploads\/2014\/04\/12852443765_ac0f0a4454_o-1024x684.jpg 1024w, https:\/\/formaciocgt.cat\/wp-content\/uploads\/2014\/04\/12852443765_ac0f0a4454_o-768x513.jpg 768w\" sizes=\"auto, (max-width: 300px) 100vw, 300px\" \/><\/a><\/strong><\/p>\n\n\n<h1 class=\"wp-block-heading\">Qui som<\/h1>\n\n\n\n<p>La Confederaci\u00f3 General del Treball (CGT) \u00e9s una organitzaci\u00f3 seguidora de les idees llibert\u00e0ries i anarcosindicalistes. El nostre objectiu passa per la defensa quotidiana dels interessos dels treballadors i treballadores davant la patronal, en el cam\u00ed d\u2019una societat m\u00e9s justa, solid\u00e0ria i lliure.<\/p>\n\n\n\n<h4 class=\"wp-block-heading\"><strong>Senyals d\u2019identitat<\/strong><\/h4>\n\n\n\n<p>Aquesta defensa dels interessos obrers contraposant-los als de la patronal nom\u00e9s es pot fer des de la participaci\u00f3 i el protagonisme dels treballadors i les treballadores. La democr\u00e0cia directa i el federalisme s\u00f3n els principals vehicles per a potenciar aquesta participaci\u00f3. Federalisme pel qual es respecta la lliure decisi\u00f3 dels afectats en la recerca de la soluci\u00f3 als problemes que els afecten, i democr\u00e0cia directa en el sentit que totes les decisions, en tots els \u00e0mbits, surten de les assemblees dels sindicats (l\u2019estructura organitzativa b\u00e0sica) a les que participen en llibertat i igualtat tots\/es els\/les afiliats\/des.<\/p>\n\n\n\n<p>De la mateixa forma, la defensa incondicional dels interessos obrers exigeix la independ\u00e8ncia i autonomia de la CGT com a prefiguradora i impulsora de la independ\u00e8ncia i autonomia dels treballadors. Cap comprom\u00eds previ, cap inter\u00e8s ali\u00e8, cap depend\u00e8ncia d\u2019altres institucions o organitzacions pot condicionar les posicions de la CGT en la defensa dels interessos dels treballadors. Aquesta independ\u00e8ncia i autonomia, que s\u00f3n necess\u00e0ries per mantenir la nostra llibertat de decisi\u00f3 i actuaci\u00f3, implica no dependre ni econ\u00f2mica ni pol\u00edticament d\u2019inst\u00e0ncies alienes a nosaltres mateixos, i aix\u00f2 dif\u00edcilment s\u2019aconsegueix sense participaci\u00f3. El que som i el que fem, les nostres possibilitats, s\u00f3n les que entre tots\/es aconseguim desenvolupar, amb la qual cosa la participaci\u00f3 \u00e9s una necessitat b\u00e0sica. I aquesta participaci\u00f3 interna, vehiculitzada pel federalisme i la democr\u00e0cia directa, i garantida per la independ\u00e8ncia i l\u2019autonomia sindical, hem de plantejar-la tamb\u00e9 a l\u2019exterior de la CGT en els temes que afecten al conjunt dels treballadors, mitjan\u00e7ant una actuaci\u00f3 sindical transparent, honesta, sense dobles llenguatges.<\/p>\n\n\n\n<p>Si la participaci\u00f3 \u00e9s un dels fonaments de la nostra actuaci\u00f3, l\u2019altre \u00e9s la solidaritat. Els interessos obrers que defensem front la patronal, no s\u00f3n interessos egoistes i exclussivistes, sin\u00f3 que s\u2019obren als interessos generals de la societat, sense deixar fora ning\u00fa i fent especial \u00e8mfasi en els sectors socials m\u00e9s desafavorits. La solidaritat del conjunt d\u2019afectats per les injust\u00edcies socials, \u00e9s la millor garantia per enfrontar-se amb \u00e8xit a les injust\u00edcies i al Sistema social que les genera.<\/p>\n\n\n\n<h4 class=\"wp-block-heading\"><strong>Estructura organitzativa<\/strong><\/h4>\n\n\n\n<p>L\u2019estructura de la CGT te\u201a com a element b\u00e0sic el sindicat, i es desenvolupa federalment tant sectorialment com geogr\u00e0ficament. El sindicat (que t\u00e9 les seves arrels en les seccions sindicals que agrupa), mitjan\u00e7ant el pacte federal successiu, forma les federacions locals i comarcals, que formen federacions territorials a nivell d\u2019autonomies o nacionalitats. Paral\u00b7lelament, a l\u2019\u00e0mbit sectorial forma les federacions d\u2019ind\u00fastria. A tots els \u00e0mbits el sindicat mant\u00e9 el car\u00e0cter d\u2019unitat b\u00e0sica de la que sorgeix tot el proc\u00e9s de prendre decisions. A tots els nivells funcionen les corresponents juntes o comit\u00e8s, sense capacitat decis\u00f2ria sin\u00f3 coordinadora, essent els c\u00e0rrecs de car\u00e0cter rotatiu i a disposici\u00f3 dels representats.<\/p>\n\n\n\n<h4 class=\"wp-block-heading\"><strong>Objectius<\/strong><\/h4>\n\n\n\n<p>L\u2019objectiu central de la CGT \u00e9s la construcci\u00f3 d\u2019una societat m\u00e9s justa, lliure i solid\u00e0ria, objectiu que t\u00e9 moltes connotacions pol\u00edtico-socials que s\u2019escapen a una visi\u00f3 restrictiva del fet sindical. L\u2019ecologia, l\u2019antimilitarisme, la igualtat de sexes, races i pobles, etc, s\u00f3n q\u00fcestions a les que la CGT tamb\u00e9 dedica el seu treball, la seva lluita, fins i tot en el plantejament sindical quotidi\u00e0. Acci\u00f3 social i acci\u00f3 sindical formen part de la mateixa lluita global. En aquest cam\u00ed la CGT intentar\u00e0 treballar conjuntament amb col\u00b7lectius llibertaris i alternatius, i amb les diferents xarxes i coordinadores que a nivell internacional lluiten contra el neoliberalisme i la globalitzaci\u00f3 capitalista.<\/p>\n\n\n\n<p>En el terreny sindical, la CGT t\u00e9 que fer front a les constants agressions que, actualment, pateixen els treballadors. A trav\u00e9s de la manipulaci\u00f3 de la crisi econ\u00f2mica, el capitalisme mundial est\u00e0 portant a terme una important ofensiva contra els treballadors i contra tots els sectors socialment desafavorits. La competitivitat no \u00e9s altra cosa que l\u2019intent d\u2019augmentar els beneficis empresarials empitjorant les condicions de vida i treball.<\/p>\n\n\n\n<p>L\u2019atur i la precaritzaci\u00f3 i degradaci\u00f3 del treball s\u00f3n una forma d\u2019afeblir i derrotar els treballadors i, per aix\u00f2 mateix, han de constituir una preocupaci\u00f3 preferent del sindicalisme. Al mateix temps, la defensa de les condicions de vida i treball (ritmes, torns, mobilitat,&#8230;) i la del poder adquisitiu dels salaris, constitueixen el gruix del nostre sindicalisme a les empreses. S\u00f3n objectius valorables en s\u00ed mateixos, sense acceptar que el lloc de treball i les condicions laborals siguin una cosa que pugui ser compensada i canviada per diners.<\/p>\n\n\n\n<p>Per\u00f2 el sindicalisme no s\u2019ha de reduir a l\u2019empresa. La defensa de les conquestes socials, la consecuci\u00f3 d\u2019unes pol\u00edtiques econ\u00f2miques redistributives, la lluita contra les injust\u00edcies socials, el manteniment i aven\u00e7 de la legislaci\u00f3 laboral i sindical que garanteixi els nostres drets i llibertats, constitueixen uns objectius generals i comuns pel nostre sindicalisme. La defensa d\u2019aquests objectius, tant de tipus general com els particulars de cada centre de treball, no es pot portar a terme sense la participaci\u00f3 dels treballadors. Si actualment ens trobem amb una ofensiva del Capital sense precedents i amb un retroc\u00e9s dels treballadors, dels seus drets i les seves condicions de vida i treball, \u00e9s perqu\u00e8 els treballadors ens hem deixat desarmar i desmobilitzar, deixant els nostres interessos en mans d\u2019un sindicalisme entregat i burocr\u00e0tic, que ens ha portat a una din\u00e0mica de p\u00e8rdua de for\u00e7a paral\u00b7lela a l\u2019increment de les exig\u00e8ncies i la for\u00e7a de la patronal.<\/p>\n\n\n\n<h4 class=\"wp-block-heading\"><strong>Conclusi\u00f3<\/strong><\/h4>\n\n\n\n<p>Tot aix\u00f2 nom\u00e9s \u00e9s una esquem\u00e0tica presentaci\u00f3 de la CGT. Per damunt de tot, la CGT \u00e9s un projecte que tenim que construir entre tots i totes, un projecte obert, les possibilitats i limitacions del qual depenen de nosaltres mateix@s. La participaci\u00f3 a l\u2019Organitzaci\u00f3 ha de ser un pas en el cam\u00ed de constituir-nos en protagonistes, en agents actius de les situacions que ens afecten. La lluita per la llibertat i la just\u00edcia, per aconseguir una societat millor, no t\u00e9 altre cam\u00ed<\/p>\n\n\n\n<h2 class=\"wp-block-heading\">Estatuts<\/h2>\n\n\n\n<p class=\"has-normal-font-size\"><strong>Aqu\u00ed podreu trobar i llegir <a href=\"https:\/\/formaciocgt.cat\/index.php\/estatuts\/\">els Estatuts de la CGT de Catalunya<\/a>. <\/strong><\/p>\n","protected":false},"excerpt":{"rendered":"<p>Qui som La Confederaci\u00f3 General del Treball (CGT) \u00e9s una organitzaci\u00f3 seguidora de les idees llibert\u00e0ries i anarcosindicalistes. El nostre objectiu passa per la defensa quotidiana dels interessos dels treballadors i treballadores davant la patronal, en el cam\u00ed d\u2019una societat m\u00e9s justa, solid\u00e0ria i lliure. Senyals d\u2019identitat Aquesta defensa dels [&hellip;]<\/p>\n","protected":false},"author":2,"featured_media":479,"parent":0,"menu_order":4,"comment_status":"open","ping_status":"open","template":"","meta":{"footnotes":""},"class_list":["post-20","page","type-page","status-publish","has-post-thumbnail","hentry"],"yoast_head":"<!-- This site is optimized with the Yoast SEO plugin v25.0 - https:\/\/yoast.com\/wordpress\/plugins\/seo\/ -->\n<title>Qui som? - Formaci\u00f3 CGT Catalunya<\/title>\n<meta name=\"robots\" content=\"index, follow, max-snippet:-1, max-image-preview:large, max-video-preview:-1\" \/>\n<link rel=\"canonical\" href=\"https:\/\/formaciocgt.cat\/index.php\/qui-som\/\" \/>\n<meta property=\"og:locale\" content=\"ca_ES\" \/>\n<meta property=\"og:type\" content=\"article\" \/>\n<meta property=\"og:title\" content=\"Qui som? - Formaci\u00f3 CGT Catalunya\" \/>\n<meta property=\"og:description\" content=\"Qui som La Confederaci\u00f3 General del Treball (CGT) \u00e9s una organitzaci\u00f3 seguidora de les idees llibert\u00e0ries i anarcosindicalistes. El nostre objectiu passa per la defensa quotidiana dels interessos dels treballadors i treballadores davant la patronal, en el cam\u00ed d\u2019una societat m\u00e9s justa, solid\u00e0ria i lliure. Senyals d\u2019identitat Aquesta defensa dels [&hellip;]\" \/>\n<meta property=\"og:url\" content=\"https:\/\/formaciocgt.cat\/index.php\/qui-som\/\" \/>\n<meta property=\"og:site_name\" content=\"Formaci\u00f3 CGT Catalunya\" \/>\n<meta property=\"article:modified_time\" content=\"2021-02-07T23:17:38+00:00\" \/>\n<meta property=\"og:image\" content=\"https:\/\/formaciocgt.cat\/wp-content\/uploads\/2021\/02\/fons.jpg\" \/>\n\t<meta property=\"og:image:width\" content=\"1024\" \/>\n\t<meta property=\"og:image:height\" content=\"683\" \/>\n\t<meta property=\"og:image:type\" content=\"image\/jpeg\" \/>\n<meta name=\"twitter:card\" content=\"summary_large_image\" \/>\n<meta name=\"twitter:label1\" content=\"Temps estimat de lectura\" \/>\n\t<meta name=\"twitter:data1\" content=\"5 minuts\" \/>\n<script type=\"application\/ld+json\" class=\"yoast-schema-graph\">{\"@context\":\"https:\/\/schema.org\",\"@graph\":[{\"@type\":\"WebPage\",\"@id\":\"https:\/\/formaciocgt.cat\/index.php\/qui-som\/\",\"url\":\"https:\/\/formaciocgt.cat\/index.php\/qui-som\/\",\"name\":\"Qui som? - Formaci\u00f3 CGT Catalunya\",\"isPartOf\":{\"@id\":\"https:\/\/formaciocgt.cat\/#website\"},\"primaryImageOfPage\":{\"@id\":\"https:\/\/formaciocgt.cat\/index.php\/qui-som\/#primaryimage\"},\"image\":{\"@id\":\"https:\/\/formaciocgt.cat\/index.php\/qui-som\/#primaryimage\"},\"thumbnailUrl\":\"https:\/\/formaciocgt.cat\/wp-content\/uploads\/2021\/02\/fons.jpg\",\"datePublished\":\"2014-04-20T13:10:23+00:00\",\"dateModified\":\"2021-02-07T23:17:38+00:00\",\"breadcrumb\":{\"@id\":\"https:\/\/formaciocgt.cat\/index.php\/qui-som\/#breadcrumb\"},\"inLanguage\":\"ca\",\"potentialAction\":[{\"@type\":\"ReadAction\",\"target\":[\"https:\/\/formaciocgt.cat\/index.php\/qui-som\/\"]}]},{\"@type\":\"ImageObject\",\"inLanguage\":\"ca\",\"@id\":\"https:\/\/formaciocgt.cat\/index.php\/qui-som\/#primaryimage\",\"url\":\"https:\/\/formaciocgt.cat\/wp-content\/uploads\/2021\/02\/fons.jpg\",\"contentUrl\":\"https:\/\/formaciocgt.cat\/wp-content\/uploads\/2021\/02\/fons.jpg\",\"width\":1024,\"height\":683},{\"@type\":\"BreadcrumbList\",\"@id\":\"https:\/\/formaciocgt.cat\/index.php\/qui-som\/#breadcrumb\",\"itemListElement\":[{\"@type\":\"ListItem\",\"position\":1,\"name\":\"Home\",\"item\":\"https:\/\/formaciocgt.cat\/\"},{\"@type\":\"ListItem\",\"position\":2,\"name\":\"Qui som?\"}]},{\"@type\":\"WebSite\",\"@id\":\"https:\/\/formaciocgt.cat\/#website\",\"url\":\"https:\/\/formaciocgt.cat\/\",\"name\":\"Formaci\u00f3 CGT Catalunya\",\"description\":\"Formem-nos per guanyar\",\"potentialAction\":[{\"@type\":\"SearchAction\",\"target\":{\"@type\":\"EntryPoint\",\"urlTemplate\":\"https:\/\/formaciocgt.cat\/?s={search_term_string}\"},\"query-input\":{\"@type\":\"PropertyValueSpecification\",\"valueRequired\":true,\"valueName\":\"search_term_string\"}}],\"inLanguage\":\"ca\"}]}<\/script>\n<!-- \/ Yoast SEO plugin. -->","yoast_head_json":{"title":"Qui som? - Formaci\u00f3 CGT Catalunya","robots":{"index":"index","follow":"follow","max-snippet":"max-snippet:-1","max-image-preview":"max-image-preview:large","max-video-preview":"max-video-preview:-1"},"canonical":"https:\/\/formaciocgt.cat\/index.php\/qui-som\/","og_locale":"ca_ES","og_type":"article","og_title":"Qui som? - Formaci\u00f3 CGT Catalunya","og_description":"Qui som La Confederaci\u00f3 General del Treball (CGT) \u00e9s una organitzaci\u00f3 seguidora de les idees llibert\u00e0ries i anarcosindicalistes. El nostre objectiu passa per la defensa quotidiana dels interessos dels treballadors i treballadores davant la patronal, en el cam\u00ed d\u2019una societat m\u00e9s justa, solid\u00e0ria i lliure. Senyals d\u2019identitat Aquesta defensa dels [&hellip;]","og_url":"https:\/\/formaciocgt.cat\/index.php\/qui-som\/","og_site_name":"Formaci\u00f3 CGT Catalunya","article_modified_time":"2021-02-07T23:17:38+00:00","og_image":[{"width":1024,"height":683,"url":"https:\/\/formaciocgt.cat\/wp-content\/uploads\/2021\/02\/fons.jpg","type":"image\/jpeg"}],"twitter_card":"summary_large_image","twitter_misc":{"Temps estimat de lectura":"5 minuts"},"schema":{"@context":"https:\/\/schema.org","@graph":[{"@type":"WebPage","@id":"https:\/\/formaciocgt.cat\/index.php\/qui-som\/","url":"https:\/\/formaciocgt.cat\/index.php\/qui-som\/","name":"Qui som? - Formaci\u00f3 CGT Catalunya","isPartOf":{"@id":"https:\/\/formaciocgt.cat\/#website"},"primaryImageOfPage":{"@id":"https:\/\/formaciocgt.cat\/index.php\/qui-som\/#primaryimage"},"image":{"@id":"https:\/\/formaciocgt.cat\/index.php\/qui-som\/#primaryimage"},"thumbnailUrl":"https:\/\/formaciocgt.cat\/wp-content\/uploads\/2021\/02\/fons.jpg","datePublished":"2014-04-20T13:10:23+00:00","dateModified":"2021-02-07T23:17:38+00:00","breadcrumb":{"@id":"https:\/\/formaciocgt.cat\/index.php\/qui-som\/#breadcrumb"},"inLanguage":"ca","potentialAction":[{"@type":"ReadAction","target":["https:\/\/formaciocgt.cat\/index.php\/qui-som\/"]}]},{"@type":"ImageObject","inLanguage":"ca","@id":"https:\/\/formaciocgt.cat\/index.php\/qui-som\/#primaryimage","url":"https:\/\/formaciocgt.cat\/wp-content\/uploads\/2021\/02\/fons.jpg","contentUrl":"https:\/\/formaciocgt.cat\/wp-content\/uploads\/2021\/02\/fons.jpg","width":1024,"height":683},{"@type":"BreadcrumbList","@id":"https:\/\/formaciocgt.cat\/index.php\/qui-som\/#breadcrumb","itemListElement":[{"@type":"ListItem","position":1,"name":"Home","item":"https:\/\/formaciocgt.cat\/"},{"@type":"ListItem","position":2,"name":"Qui som?"}]},{"@type":"WebSite","@id":"https:\/\/formaciocgt.cat\/#website","url":"https:\/\/formaciocgt.cat\/","name":"Formaci\u00f3 CGT Catalunya","description":"Formem-nos per guanyar","potentialAction":[{"@type":"SearchAction","target":{"@type":"EntryPoint","urlTemplate":"https:\/\/formaciocgt.cat\/?s={search_term_string}"},"query-input":{"@type":"PropertyValueSpecification","valueRequired":true,"valueName":"search_term_string"}}],"inLanguage":"ca"}]}},"_links":{"self":[{"href":"https:\/\/formaciocgt.cat\/index.php\/wp-json\/wp\/v2\/pages\/20","targetHints":{"allow":["GET"]}}],"collection":[{"href":"https:\/\/formaciocgt.cat\/index.php\/wp-json\/wp\/v2\/pages"}],"about":[{"href":"https:\/\/formaciocgt.cat\/index.php\/wp-json\/wp\/v2\/types\/page"}],"author":[{"embeddable":true,"href":"https:\/\/formaciocgt.cat\/index.php\/wp-json\/wp\/v2\/users\/2"}],"replies":[{"embeddable":true,"href":"https:\/\/formaciocgt.cat\/index.php\/wp-json\/wp\/v2\/comments?post=20"}],"version-history":[{"count":3,"href":"https:\/\/formaciocgt.cat\/index.php\/wp-json\/wp\/v2\/pages\/20\/revisions"}],"predecessor-version":[{"id":435,"href":"https:\/\/formaciocgt.cat\/index.php\/wp-json\/wp\/v2\/pages\/20\/revisions\/435"}],"wp:featuredmedia":[{"embeddable":true,"href":"https:\/\/formaciocgt.cat\/index.php\/wp-json\/wp\/v2\/media\/479"}],"wp:attachment":[{"href":"https:\/\/formaciocgt.cat\/index.php\/wp-json\/wp\/v2\/media?parent=20"}],"curies":[{"name":"wp","href":"https:\/\/api.w.org\/{rel}","templated":true}]}}