{"version":"1.0","provider_name":"Formaci\u00f3 CGT Catalunya","provider_url":"https:\/\/formaciocgt.cat","title":"Qui som? - Formaci\u00f3 CGT Catalunya","type":"rich","width":600,"height":338,"html":"<blockquote class=\"wp-embedded-content\" data-secret=\"KSyjhXAZBY\"><a href=\"https:\/\/formaciocgt.cat\/index.php\/qui-som\/\">Qui som?<\/a><\/blockquote><iframe sandbox=\"allow-scripts\" security=\"restricted\" src=\"https:\/\/formaciocgt.cat\/index.php\/qui-som\/embed\/#?secret=KSyjhXAZBY\" width=\"600\" height=\"338\" title=\"&#8220;Qui som?&#8221; &#8212; Formaci\u00f3 CGT Catalunya\" data-secret=\"KSyjhXAZBY\" frameborder=\"0\" marginwidth=\"0\" marginheight=\"0\" scrolling=\"no\" class=\"wp-embedded-content\"><\/iframe><script type=\"text\/javascript\">\n\/* <![CDATA[ *\/\n\/*! This file is auto-generated *\/\n!function(d,l){\"use strict\";l.querySelector&&d.addEventListener&&\"undefined\"!=typeof URL&&(d.wp=d.wp||{},d.wp.receiveEmbedMessage||(d.wp.receiveEmbedMessage=function(e){var t=e.data;if((t||t.secret||t.message||t.value)&&!\/[^a-zA-Z0-9]\/.test(t.secret)){for(var s,r,n,a=l.querySelectorAll('iframe[data-secret=\"'+t.secret+'\"]'),o=l.querySelectorAll('blockquote[data-secret=\"'+t.secret+'\"]'),c=new RegExp(\"^https?:$\",\"i\"),i=0;i<o.length;i++)o[i].style.display=\"none\";for(i=0;i<a.length;i++)s=a[i],e.source===s.contentWindow&&(s.removeAttribute(\"style\"),\"height\"===t.message?(1e3<(r=parseInt(t.value,10))?r=1e3:~~r<200&&(r=200),s.height=r):\"link\"===t.message&&(r=new URL(s.getAttribute(\"src\")),n=new URL(t.value),c.test(n.protocol))&&n.host===r.host&&l.activeElement===s&&(d.top.location.href=t.value))}},d.addEventListener(\"message\",d.wp.receiveEmbedMessage,!1),l.addEventListener(\"DOMContentLoaded\",function(){for(var e,t,s=l.querySelectorAll(\"iframe.wp-embedded-content\"),r=0;r<s.length;r++)(t=(e=s[r]).getAttribute(\"data-secret\"))||(t=Math.random().toString(36).substring(2,12),e.src+=\"#?secret=\"+t,e.setAttribute(\"data-secret\",t)),e.contentWindow.postMessage({message:\"ready\",secret:t},\"*\")},!1)))}(window,document);\n\/* ]]> *\/\n<\/script>\n","thumbnail_url":"https:\/\/formaciocgt.cat\/wp-content\/uploads\/2021\/02\/fons.jpg","thumbnail_width":1024,"thumbnail_height":683,"description":"Qui som La Confederaci\u00f3 General del Treball (CGT) \u00e9s una organitzaci\u00f3 seguidora de les idees llibert\u00e0ries i anarcosindicalistes. El nostre objectiu passa per la defensa quotidiana dels interessos dels treballadors i treballadores davant la patronal, en el cam\u00ed d\u2019una societat m\u00e9s justa, solid\u00e0ria i lliure. Senyals d\u2019identitat Aquesta defensa dels [&hellip;]"}