{"version":"1.0","provider_name":"Formaci\u00f3 CGT Catalunya","provider_url":"https:\/\/formaciocgt.cat","title":"La formaci\u00f3 com a pas previ a l\u2019acci\u00f3 - Formaci\u00f3 CGT Catalunya","type":"rich","width":600,"height":338,"html":"<blockquote class=\"wp-embedded-content\" data-secret=\"rW4ubxe9cF\"><a href=\"https:\/\/formaciocgt.cat\/index.php\/2021\/02\/28\/la-formacio-com-a-pas-previ-a-laccio\/\">La formaci\u00f3 com a pas previ a l\u2019acci\u00f3<\/a><\/blockquote><iframe sandbox=\"allow-scripts\" security=\"restricted\" src=\"https:\/\/formaciocgt.cat\/index.php\/2021\/02\/28\/la-formacio-com-a-pas-previ-a-laccio\/embed\/#?secret=rW4ubxe9cF\" width=\"600\" height=\"338\" title=\"&#8220;La formaci\u00f3 com a pas previ a l\u2019acci\u00f3&#8221; &#8212; Formaci\u00f3 CGT Catalunya\" data-secret=\"rW4ubxe9cF\" frameborder=\"0\" marginwidth=\"0\" marginheight=\"0\" scrolling=\"no\" class=\"wp-embedded-content\"><\/iframe><script type=\"text\/javascript\">\n\/* <![CDATA[ *\/\n\/*! This file is auto-generated *\/\n!function(d,l){\"use strict\";l.querySelector&&d.addEventListener&&\"undefined\"!=typeof URL&&(d.wp=d.wp||{},d.wp.receiveEmbedMessage||(d.wp.receiveEmbedMessage=function(e){var t=e.data;if((t||t.secret||t.message||t.value)&&!\/[^a-zA-Z0-9]\/.test(t.secret)){for(var s,r,n,a=l.querySelectorAll('iframe[data-secret=\"'+t.secret+'\"]'),o=l.querySelectorAll('blockquote[data-secret=\"'+t.secret+'\"]'),c=new RegExp(\"^https?:$\",\"i\"),i=0;i<o.length;i++)o[i].style.display=\"none\";for(i=0;i<a.length;i++)s=a[i],e.source===s.contentWindow&&(s.removeAttribute(\"style\"),\"height\"===t.message?(1e3<(r=parseInt(t.value,10))?r=1e3:~~r<200&&(r=200),s.height=r):\"link\"===t.message&&(r=new URL(s.getAttribute(\"src\")),n=new URL(t.value),c.test(n.protocol))&&n.host===r.host&&l.activeElement===s&&(d.top.location.href=t.value))}},d.addEventListener(\"message\",d.wp.receiveEmbedMessage,!1),l.addEventListener(\"DOMContentLoaded\",function(){for(var e,t,s=l.querySelectorAll(\"iframe.wp-embedded-content\"),r=0;r<s.length;r++)(t=(e=s[r]).getAttribute(\"data-secret\"))||(t=Math.random().toString(36).substring(2,12),e.src+=\"#?secret=\"+t,e.setAttribute(\"data-secret\",t)),e.contentWindow.postMessage({message:\"ready\",secret:t},\"*\")},!1)))}(window,document);\n\/* ]]> *\/\n<\/script>\n","thumbnail_url":"https:\/\/formaciocgt.cat\/wp-content\/uploads\/2021\/02\/formacio-750x410-1.png","thumbnail_width":750,"thumbnail_height":410,"description":"La formaci\u00f3, el proc\u00e9s pel qual una persona adquireix coneixements, \u00e9s una de les parts fonamental per a la lluita, per a la llibertat i per a la vida. Necessitem formar-nos per entendre millor el m\u00f3n, per recon\u00e8ixer i saber com funcionen els diferents mecanismes d\u2019opressi\u00f3, per con\u00e8ixer quines han estat les lluites en el passat que han tingut \u00e8xit i quines no, i aix\u00ed aprendre d\u2019elles."}